{"id":68,"date":"2021-05-08T00:58:45","date_gmt":"2021-05-07T22:58:45","guid":{"rendered":"http:\/\/akbrezina.cz\/cs\/?page_id=68"},"modified":"2021-05-10T22:58:19","modified_gmt":"2021-05-10T20:58:19","slug":"ustavni-a-mezinarodni-pravo","status":"publish","type":"page","link":"https:\/\/akbrezina.cz\/cs\/pravni-sluzby\/ustavni-a-mezinarodni-pravo\/","title":{"rendered":"\u00dastavn\u00ed a mezin\u00e1rodn\u00ed pr\u00e1vo"},"content":{"rendered":"\n<p>Z&nbsp;oblasti pr\u00e1va \u00fastavn\u00edho sv\u00fdm klient\u016fm nej\u010dast\u011bji poskytuji pr\u00e1vn\u00ed slu\u017eby spo\u010d\u00edvaj\u00edc\u00ed v&nbsp;seps\u00e1n\u00ed \u00fastavn\u00ed st\u00ed\u017enosti a zastupov\u00e1n\u00ed v&nbsp;\u0159\u00edzen\u00ed p\u0159ed \u00dastavn\u00edm soudem \u010cR. V\u017edy je v\u0161ak t\u0159eba m\u00edt na pam\u011bti, \u017ee \u00dastavn\u00ed soud \u010cR posuzuje pouze to, zda v&nbsp;p\u0159edch\u00e1zej\u00edc\u00edm \u0159\u00edzen\u00ed do\u0161lo k&nbsp;z\u00e1sahu do \u00fastavn\u011b zaru\u010den\u00e9ho pr\u00e1va (typicky do z\u00e1kladn\u00edch lidsk\u00fdch pr\u00e1v), zat\u00edmco skutkov\u00fd stav ji\u017e \u00dastavn\u00ed soud \u010cR nep\u0159ezkoum\u00e1v\u00e1. P\u0159ed pod\u00e1n\u00edm \u00fastavn\u00ed st\u00ed\u017enosti proto v\u017edy pe\u010dliv\u011b zva\u017euji, zda se v&nbsp;\u0159\u00edzen\u00ed z\u00e1sah do n\u011bkter\u00e9ho z&nbsp;\u00fastavn\u011b zaru\u010den\u00fdch pr\u00e1v vyskytl, a teprve podle toho pod\u00e1n\u00ed \u00fastavn\u00ed st\u00ed\u017enosti doporu\u010duji \u010di nedoporu\u010duji.<\/p>\n\n\n\n<p>V&nbsp;r\u00e1mci pr\u00e1va mezin\u00e1rodn\u00edho pak klient\u016fm poskytuji jednak slu\u017eby spo\u010d\u00edvaj\u00edc\u00ed v&nbsp;pod\u00e1n\u00ed st\u00ed\u017enosti k&nbsp;Evropsk\u00e9mu soudu pro lidsk\u00e1 pr\u00e1va ve \u0160trasburku a v&nbsp;zastupov\u00e1n\u00ed p\u0159ed t\u00edmto soudem, d\u00e1le pak poskytuji pr\u00e1vn\u00ed slu\u017eby t\u00fdkaj\u00edc\u00ed se pr\u00e1vn\u00edch pom\u011br\u016f s&nbsp;mezin\u00e1rodn\u00edm prvkem. D\u00edky m\u00e9 jazykov\u00e9 vybavenosti jsem schopen poskytovat jak pr\u00e1vn\u00ed slu\u017eby cizinc\u016fm, tak i zastupovat klienty ve sporech s cizinci, ve sporech vypl\u00fdvaj\u00edc\u00edch z&nbsp;cizojazy\u010dn\u00fdch smluv atd. Rovn\u011b\u017e jsem schopen zajistit p\u0159\u00edpravu a vyhotoven\u00ed smluv v&nbsp;ciz\u00edm jazyce. Pr\u00e1vn\u00ed slu\u017eby p\u0159itom poskytuji v&nbsp;t\u011bchto ciz\u00edch jazyc\u00edch:<\/p>\n\n\n\n<ul><li>anglick\u00fd jazyk,<\/li><li>n\u011bmeck\u00fd jazyk,<\/li><li>polsk\u00fd jazyk.<\/li><\/ul>\n\n\n\n<p>D\u00e1le m\u00e1m znalosti jazyka francouzsk\u00e9ho a rusk\u00e9ho, kter\u00e9 i nad\u00e1le zdokonaluji.<\/p>\n","protected":false},"excerpt":{"rendered":"<p>Z&nbsp;oblasti pr\u00e1va \u00fastavn\u00edho sv\u00fdm klient\u016fm nej\u010dast\u011bji poskytuji pr\u00e1vn\u00ed slu\u017eby spo\u010d\u00edvaj\u00edc\u00ed v&nbsp;seps\u00e1n\u00ed \u00fastavn\u00ed st\u00ed\u017enosti a zastupov\u00e1n\u00ed v&nbsp;\u0159\u00edzen\u00ed p\u0159ed \u00dastavn\u00edm soudem \u010cR.&hellip;<\/p>\n","protected":false},"author":1,"featured_media":0,"parent":61,"menu_order":4,"comment_status":"closed","ping_status":"closed","template":"","meta":[],"_links":{"self":[{"href":"https:\/\/akbrezina.cz\/cs\/wp-json\/wp\/v2\/pages\/68"}],"collection":[{"href":"https:\/\/akbrezina.cz\/cs\/wp-json\/wp\/v2\/pages"}],"about":[{"href":"https:\/\/akbrezina.cz\/cs\/wp-json\/wp\/v2\/types\/page"}],"author":[{"embeddable":true,"href":"https:\/\/akbrezina.cz\/cs\/wp-json\/wp\/v2\/users\/1"}],"replies":[{"embeddable":true,"href":"https:\/\/akbrezina.cz\/cs\/wp-json\/wp\/v2\/comments?post=68"}],"version-history":[{"count":1,"href":"https:\/\/akbrezina.cz\/cs\/wp-json\/wp\/v2\/pages\/68\/revisions"}],"predecessor-version":[{"id":69,"href":"https:\/\/akbrezina.cz\/cs\/wp-json\/wp\/v2\/pages\/68\/revisions\/69"}],"up":[{"embeddable":true,"href":"https:\/\/akbrezina.cz\/cs\/wp-json\/wp\/v2\/pages\/61"}],"wp:attachment":[{"href":"https:\/\/akbrezina.cz\/cs\/wp-json\/wp\/v2\/media?parent=68"}],"curies":[{"name":"wp","href":"https:\/\/api.w.org\/{rel}","templated":true}]}}