{"id":68,"date":"2021-05-08T00:58:45","date_gmt":"2021-05-07T22:58:45","guid":{"rendered":"http:\/\/akbrezina.cz\/cs\/?page_id=68"},"modified":"2021-05-10T22:58:19","modified_gmt":"2021-05-10T20:58:19","slug":"ustavni-a-mezinarodni-pravo","status":"publish","type":"page","link":"https:\/\/akbrezina.cz\/de\/rechtsgebiete\/verfassungsrecht-und-internationales-recht\/","title":{"rendered":"Verfassungsrecht und Internationales Recht"},"content":{"rendered":"<p>Im Gebiet des Verfassungsrechtes verfasse ich f\u00fcr meine Mandanten sog. Verfassungsbeschwerde und vertrete ihnen vor dem Verfassungsgericht der Tschechischen Republik. Jedoch ist es immer zu beachten, dass das Verfassungsgericht lediglich die Verletzung eines verfassungsgesetzlich gew\u00e4hrleisteten Rechtes beurteilt (typischerweise die Verletzung der Menschenrechte), w\u00e4hrend der Tatbestand nicht \u00fcberpr\u00fcft wird. Deshalb erw\u00e4ge ich zuerst, ob im bisherigen Verfahren ein verfassungsgesetzlich gew\u00e4hrleistetes Recht verletzt worden ist, und erst dann empfehle ich die Verfassungsbeschwerde.<\/p>\n<p>Im Rahmen des internationalen Rechtes vertrete ich meine Mandanten vor dem Europ\u00e4ischen Gerichtshof f\u00fcr Menschenrechte in Strasburg. Daneben, und unabh\u00e4ngig davon, widme ich mich im Rahmen des internationalen Rechtes Rechtsgesch\u00e4ften mit Auslandsber\u00fchrung. Dank meinen Sprachkenntnissen bin ich f\u00e4hig, Anwaltst\u00e4tigkeiten f\u00fcr Ausl\u00e4nder wahrzunehmen, oder auch meine Mandanten in Rechtstreiten mit Ausl\u00e4ndern zu vertreten, in Rechtstreiten aus fremdsprachigen Vertr\u00e4gen usw. Ich bin ebenfalls f\u00e4hig, Vertr\u00e4ge in einer Fremdsprache zu verfassen. Anwaltst\u00e4tig bin ich in den folgenden Fremdsprachen:<\/p>\n<ul>\n<li>englisch,<\/li>\n<li>deutsch,<\/li>\n<li>polnisch<\/li>\n<\/ul>\n<p>Ich habe auch Kenntnisse der franz\u00f6sischen und russischen Sprache, die ich immer noch verbessere.<\/p>\n","protected":false},"excerpt":{"rendered":"<p>Im Gebiet des Verfassungsrechtes verfasse ich f\u00fcr meine Mandanten sog. Verfassungsbeschwerde und vertrete ihnen vor dem Verfassungsgericht der Tschechischen Republik.&hellip;<\/p>\n","protected":false},"author":1,"featured_media":0,"parent":61,"menu_order":4,"comment_status":"closed","ping_status":"closed","template":"","meta":[],"_links":{"self":[{"href":"https:\/\/akbrezina.cz\/de\/wp-json\/wp\/v2\/pages\/68"}],"collection":[{"href":"https:\/\/akbrezina.cz\/de\/wp-json\/wp\/v2\/pages"}],"about":[{"href":"https:\/\/akbrezina.cz\/de\/wp-json\/wp\/v2\/types\/page"}],"author":[{"embeddable":true,"href":"https:\/\/akbrezina.cz\/de\/wp-json\/wp\/v2\/users\/1"}],"replies":[{"embeddable":true,"href":"https:\/\/akbrezina.cz\/de\/wp-json\/wp\/v2\/comments?post=68"}],"version-history":[{"count":1,"href":"https:\/\/akbrezina.cz\/de\/wp-json\/wp\/v2\/pages\/68\/revisions"}],"predecessor-version":[{"id":69,"href":"https:\/\/akbrezina.cz\/de\/wp-json\/wp\/v2\/pages\/68\/revisions\/69"}],"up":[{"embeddable":true,"href":"https:\/\/akbrezina.cz\/de\/wp-json\/wp\/v2\/pages\/61"}],"wp:attachment":[{"href":"https:\/\/akbrezina.cz\/de\/wp-json\/wp\/v2\/media?parent=68"}],"curies":[{"name":"wp","href":"https:\/\/api.w.org\/{rel}","templated":true}]}}